{"id":61,"date":"2025-03-05T17:20:24","date_gmt":"2025-03-05T16:20:24","guid":{"rendered":"https:\/\/puppetpoptroc.be\/?post_type=portfolio_page&#038;p=61"},"modified":"2025-04-02T11:05:44","modified_gmt":"2025-04-02T09:05:44","slug":"festival-international-maboule-marionnettes-et-arts-associes","status":"publish","type":"portfolio_page","link":"https:\/\/puppetpoptroc.be\/fr\/portfolio_page\/festival-international-maboule-marionnettes-et-arts-associes\/","title":{"rendered":"Festival International MABOULE, MArionnettes et Arts Associ\u00e9s"},"content":{"rendered":"<div class=\"wpb-content-wrapper\"><div      class=\"vc_row wpb_row section vc_row-fluid \" style=' text-align:left;'><div class=\" full_section_inner clearfix\"><div class=\"wpb_column vc_column_container vc_col-sm-12\"><div class=\"vc_column-inner\"><div class=\"wpb_wrapper\">\n\t<div class=\"wpb_single_image wpb_content_element vc_align_center\">\n\t\t<div class=\"wpb_wrapper\">\n\t\t\t\n\t\t\t<a class=\"qode-prettyphoto qode-single-image-pretty-photo\" data-rel=\"prettyPhoto[rel-61-2816760621]\" href=\"https:\/\/puppetpoptroc.be\/wp-content\/uploads\/2025\/03\/Maboule-2023-Vincent-Van-Utterbeeck-71-1024x681.jpg\" target=\"_self\"><div class=\"vc_single_image-wrapper   vc_box_border_grey\"><img loading=\"lazy\" decoding=\"async\" width=\"1024\" height=\"681\" src=\"https:\/\/puppetpoptroc.be\/wp-content\/uploads\/2025\/03\/Maboule-2023-Vincent-Van-Utterbeeck-71-1024x681.jpg\" class=\"vc_single_image-img attachment-large\" alt=\"\" title=\"Maboule 2023 Vincent Van Utterbeeck (71)\" srcset=\"https:\/\/puppetpoptroc.be\/wp-content\/uploads\/2025\/03\/Maboule-2023-Vincent-Van-Utterbeeck-71-1024x681.jpg 1024w, https:\/\/puppetpoptroc.be\/wp-content\/uploads\/2025\/03\/Maboule-2023-Vincent-Van-Utterbeeck-71-300x200.jpg 300w, https:\/\/puppetpoptroc.be\/wp-content\/uploads\/2025\/03\/Maboule-2023-Vincent-Van-Utterbeeck-71-768x511.jpg 768w, https:\/\/puppetpoptroc.be\/wp-content\/uploads\/2025\/03\/Maboule-2023-Vincent-Van-Utterbeeck-71-1536x1022.jpg 1536w, https:\/\/puppetpoptroc.be\/wp-content\/uploads\/2025\/03\/Maboule-2023-Vincent-Van-Utterbeeck-71-2048x1363.jpg 2048w, https:\/\/puppetpoptroc.be\/wp-content\/uploads\/2025\/03\/Maboule-2023-Vincent-Van-Utterbeeck-71-18x12.jpg 18w, https:\/\/puppetpoptroc.be\/wp-content\/uploads\/2025\/03\/Maboule-2023-Vincent-Van-Utterbeeck-71-700x466.jpg 700w\" sizes=\"auto, (max-width: 1024px) 100vw, 1024px\" \/><\/div><\/a>\n\t\t<\/div>\n\t<\/div>\n<div class=\"vc_empty_space\"  style=\"height: 32px\" >\n\t<span class=\"vc_empty_space_inner\">\n\t\t<span class=\"empty_space_image\"  ><\/span>\n\t<\/span>\n<\/div>\n\t<div class=\"wpb_text_column wpb_content_element \">\n\t\t<div class=\"wpb_wrapper\">\n\t\t\t<h2 style=\"font-weight: 400;\"><strong>du 12 &gt; 15 d\u00e9cembre 2024 \u00e0 Genappe<\/strong><\/h2>\n\n\t\t<\/div>\n\t<\/div>\n\t<div class=\"wpb_text_column wpb_content_element \">\n\t\t<div class=\"wpb_wrapper\">\n\t\t\t<p><a href=\"https:\/\/www.maboule.be\" target=\"_blank\" rel=\"noopener\">www.maboule.be<\/a><\/p>\n\n\t\t<\/div>\n\t<\/div>\n\t<div class=\"wpb_text_column wpb_content_element \">\n\t\t<div class=\"wpb_wrapper\">\n\t\t\t<p style=\"font-weight: 400;\">Le Festival MAboule est l\u2019un des rendez-vous importants\u00a0 d\u00e9di\u00e9s \u00e0 l\u2019art de la marionnette contemporaine en F\u00e9d\u00e9ration Wallonie-Bruxelles. Il a f\u00eat\u00e9 ses 10 ans en 2024\u00a0! Un rendez-vous lors duquel la marionnette contemporaine, le th\u00e9\u00e2tre d\u2019objets, la musique, les man\u00e8ges et autres agitations foraines font le bonheur de tous ! Au MONTY (Tiers-lieu artistique, culturel et citoyen), en salle, sous chapiteau, en plein air et dans des lieux insolites de Genappe. Des spectacles pour tous les \u00e2ges, pour tous les imaginaires !<\/p>\n<p>&nbsp;<\/p>\n<p style=\"font-weight: 400;\">Pour sa dixi\u00e8me \u00e9dition, le festival MAboule a accueilli 25 spectacles et 1 expo, 78 repr\u00e9sentations, plus\u00a0 les agitations foraines en rue, 63 artistes issus de 7 pays : Belgique francophone, Flandre (focus Flandre), France (avec un focus Grand Est), Suisse, Italie, Espagne, Allemagne, S\u00e9n\u00e9gal. 90 programmateur\u00b7ice\u00b7s issu\u00b7e\u00b7 s de 13 pays : Belgique francophone, n\u00e9erlandophone et germanophone, France, R\u00e9publique Tch\u00e8que, Slov\u00e9nie, Espagne, Italie, Luxembourg, Canada, Finlande, Allemagne, Suisse, Pays-Bas, S\u00e9n\u00e9gal. Plus de 4700 si\u00e8ges ont \u00e9t\u00e9 occup\u00e9s dans 14 salles sans compter ceux qui ont profit\u00e9 des concerts et animations en ext\u00e9rieur.<\/p>\n<p>&nbsp;<\/p>\n<p style=\"font-weight: 400;\">Nous avons re\u00e7u une petite d\u00e9l\u00e9gation de programmateur-ice-s flamands ainsi que des artistes int\u00e9ress\u00e9s par la marionnette.<\/p>\n<p>&nbsp;<\/p>\n<p style=\"font-weight: 400;\"><em><span style=\"font-weight: 400;\">Prochaine \u00e9dition\u00a0: du 18 au 21 d\u00e9cembre 2025<\/span><\/em><\/p>\n\n\t\t<\/div>\n\t<\/div><div class=\"vc_empty_space\"  style=\"height: 32px\" >\n\t<span class=\"vc_empty_space_inner\">\n\t\t<span class=\"empty_space_image\"  ><\/span>\n\t<\/span>\n<\/div>\n\t<div class=\"wpb_text_column wpb_content_element \">\n\t\t<div class=\"wpb_wrapper\">\n\t\t\t<h4 style=\"font-weight: 400;\"><strong>Focus sur 3 spectacles de la Communaut\u00e9 flamande\u00a0au MABOULE 2024<\/strong><\/h4>\n\n\t\t<\/div>\n\t<\/div><div class=\"vc_empty_space\"  style=\"height: 32px\" >\n\t<span class=\"vc_empty_space_inner\">\n\t\t<span class=\"empty_space_image\"  ><\/span>\n\t<\/span>\n<\/div>\n\t<div class=\"wpb_single_image wpb_content_element vc_align_center\">\n\t\t<div class=\"wpb_wrapper\">\n\t\t\t\n\t\t\t\n\t\t<figure class=\"vc_figure\">\n\t\t\t<a class=\"qode-prettyphoto qode-single-image-pretty-photo\" data-rel=\"prettyPhoto[rel-61-1253644128]\" href=\"https:\/\/puppetpoptroc.be\/wp-content\/uploads\/2025\/03\/foto-hairy-openstudios_isabel-Van-Renterghem-1-1024x768-1-1024x768.jpeg\" target=\"_self\"><div class=\"vc_single_image-wrapper   vc_box_border_grey\"><img loading=\"lazy\" decoding=\"async\" width=\"1024\" height=\"768\" src=\"https:\/\/puppetpoptroc.be\/wp-content\/uploads\/2025\/03\/foto-hairy-openstudios_isabel-Van-Renterghem-1-1024x768-1-1024x768.jpeg\" class=\"vc_single_image-img attachment-large\" alt=\"\" title=\"foto-hairy-openstudios_isabel-Van-Renterghem-1-1024x768 (1)\" srcset=\"https:\/\/puppetpoptroc.be\/wp-content\/uploads\/2025\/03\/foto-hairy-openstudios_isabel-Van-Renterghem-1-1024x768-1-1024x768.jpeg 1024w, https:\/\/puppetpoptroc.be\/wp-content\/uploads\/2025\/03\/foto-hairy-openstudios_isabel-Van-Renterghem-1-1024x768-1-300x225.jpeg 300w, https:\/\/puppetpoptroc.be\/wp-content\/uploads\/2025\/03\/foto-hairy-openstudios_isabel-Van-Renterghem-1-1024x768-1-768x576.jpeg 768w, https:\/\/puppetpoptroc.be\/wp-content\/uploads\/2025\/03\/foto-hairy-openstudios_isabel-Van-Renterghem-1-1024x768-1-1536x1152.jpeg 1536w, https:\/\/puppetpoptroc.be\/wp-content\/uploads\/2025\/03\/foto-hairy-openstudios_isabel-Van-Renterghem-1-1024x768-1-2048x1536.jpeg 2048w, https:\/\/puppetpoptroc.be\/wp-content\/uploads\/2025\/03\/foto-hairy-openstudios_isabel-Van-Renterghem-1-1024x768-1-16x12.jpeg 16w, https:\/\/puppetpoptroc.be\/wp-content\/uploads\/2025\/03\/foto-hairy-openstudios_isabel-Van-Renterghem-1-1024x768-1-800x600.jpeg 800w, https:\/\/puppetpoptroc.be\/wp-content\/uploads\/2025\/03\/foto-hairy-openstudios_isabel-Van-Renterghem-1-1024x768-1-700x525.jpeg 700w\" sizes=\"auto, (max-width: 1024px) 100vw, 1024px\" \/><\/div><\/a><figcaption class=\"vc_figure-caption\">\u00a9Isabel Van Renterghem<\/figcaption><\/figure>\n\t\t<\/div>\n\t<\/div>\n\n\t<div class=\"wpb_text_column wpb_content_element \">\n\t\t<div class=\"wpb_wrapper\">\n\t\t\t<p style=\"font-weight: 400;\"><strong>I Think We Need To Talk &#8211; Collectif Elan(D) <\/strong><\/p>\n<p style=\"font-weight: 400;\">Ce collectif d\u2019artistes bas\u00e9 \u00e0 Gand pr\u00e9sente des interventions artistiques qui, de mani\u00e8re po\u00e9tique et parfois absurde, retissent des liens dans l\u2019espace public. Un bijou esth\u00e9tique et collaboratif qui navigue entre sculpture architecturale, exp\u00e9rience sociale, th\u00e9\u00e2tre visuel et chor\u00e9graphie ludique.<\/p>\n<p><a href=\"http:\/\/www.collectiefeland.be\/\">www.collectiefeland.be<\/a><\/p>\n\n\t\t<\/div>\n\t<\/div><div class=\"vc_empty_space\"  style=\"height: 32px\" >\n\t<span class=\"vc_empty_space_inner\">\n\t\t<span class=\"empty_space_image\"  ><\/span>\n\t<\/span>\n<\/div>\n\t<div class=\"wpb_single_image wpb_content_element vc_align_center\">\n\t\t<div class=\"wpb_wrapper\">\n\t\t\t\n\t\t\t\n\t\t<figure class=\"vc_figure\">\n\t\t\t<a class=\"qode-prettyphoto qode-single-image-pretty-photo\" data-rel=\"prettyPhoto[rel-61-4139964337]\" href=\"https:\/\/puppetpoptroc.be\/wp-content\/uploads\/2025\/03\/mia-kermis-bart-grietens-58-1-1024x683.jpeg\" target=\"_self\"><div class=\"vc_single_image-wrapper   vc_box_border_grey\"><img loading=\"lazy\" decoding=\"async\" width=\"1024\" height=\"683\" src=\"https:\/\/puppetpoptroc.be\/wp-content\/uploads\/2025\/03\/mia-kermis-bart-grietens-58-1-1024x683.jpeg\" class=\"vc_single_image-img attachment-large\" alt=\"\" title=\"mia-kermis-bart-grietens-58 (1)\" srcset=\"https:\/\/puppetpoptroc.be\/wp-content\/uploads\/2025\/03\/mia-kermis-bart-grietens-58-1-1024x683.jpeg 1024w, https:\/\/puppetpoptroc.be\/wp-content\/uploads\/2025\/03\/mia-kermis-bart-grietens-58-1-300x200.jpeg 300w, https:\/\/puppetpoptroc.be\/wp-content\/uploads\/2025\/03\/mia-kermis-bart-grietens-58-1-768x512.jpeg 768w, https:\/\/puppetpoptroc.be\/wp-content\/uploads\/2025\/03\/mia-kermis-bart-grietens-58-1-1536x1025.jpeg 1536w, https:\/\/puppetpoptroc.be\/wp-content\/uploads\/2025\/03\/mia-kermis-bart-grietens-58-1-2048x1366.jpeg 2048w, https:\/\/puppetpoptroc.be\/wp-content\/uploads\/2025\/03\/mia-kermis-bart-grietens-58-1-18x12.jpeg 18w, https:\/\/puppetpoptroc.be\/wp-content\/uploads\/2025\/03\/mia-kermis-bart-grietens-58-1-700x467.jpeg 700w\" sizes=\"auto, (max-width: 1024px) 100vw, 1024px\" \/><\/div><\/a><figcaption class=\"vc_figure-caption\">\u00a9 Bart Grietens<\/figcaption><\/figure>\n\t\t<\/div>\n\t<\/div>\n\n\t<div class=\"wpb_text_column wpb_content_element \">\n\t\t<div class=\"wpb_wrapper\">\n\t\t\t<p style=\"font-weight: 400;\"><strong>Mia Kermis (Stefanie Claes)<\/strong><\/p>\n<p style=\"font-weight: 400;\">Mia Kermis est une ode \u00e0 l\u2019imagination et la curiosit\u00e9 entourant nos racines. Avec des poup\u00e9es et des dessins faits maison, l\u2019histoire sans paroles de Mia, une enfant trouv\u00e9e qui grandit et se lance \u00e0 la recherche d\u2019elle-m\u00eame. Le spectacle s\u2019appuie sur l\u2019imagination avec laquelle nous (re)cr\u00e9ons notre pass\u00e9 et sur notre curiosit\u00e9 quant \u00e0 nos origines\u2026<\/p>\n<p><a href=\"https:\/\/lucindara.be\/mia-kermis-nl\/\" target=\"_blank\" rel=\"noopener\">www.lucindara.be\/mia kermis<\/a><\/p>\n\n\t\t<\/div>\n\t<\/div><div class=\"vc_empty_space\"  style=\"height: 32px\" >\n\t<span class=\"vc_empty_space_inner\">\n\t\t<span class=\"empty_space_image\"  ><\/span>\n\t<\/span>\n<\/div>\n\t<div class=\"wpb_single_image wpb_content_element vc_align_center\">\n\t\t<div class=\"wpb_wrapper\">\n\t\t\t\n\t\t\t\n\t\t<figure class=\"vc_figure\">\n\t\t\t<a class=\"qode-prettyphoto qode-single-image-pretty-photo\" data-rel=\"prettyPhoto[rel-61-1108834274]\" href=\"https:\/\/puppetpoptroc.be\/wp-content\/uploads\/2025\/03\/10-KomHier_UltimaThule_FortBom_03092022_BjoornComhaire-48-van-88-kopie-Copie-1024x683.jpg\" target=\"_self\"><div class=\"vc_single_image-wrapper   vc_box_border_grey\"><img loading=\"lazy\" decoding=\"async\" width=\"1024\" height=\"683\" src=\"https:\/\/puppetpoptroc.be\/wp-content\/uploads\/2025\/03\/10-KomHier_UltimaThule_FortBom_03092022_BjoornComhaire-48-van-88-kopie-Copie-1024x683.jpg\" class=\"vc_single_image-img attachment-large\" alt=\"\" title=\"10 KomHier_UltimaThule_FortBom_03092022_BjoornComhaire (48 van 88) kopie - Copie\" srcset=\"https:\/\/puppetpoptroc.be\/wp-content\/uploads\/2025\/03\/10-KomHier_UltimaThule_FortBom_03092022_BjoornComhaire-48-van-88-kopie-Copie-1024x683.jpg 1024w, https:\/\/puppetpoptroc.be\/wp-content\/uploads\/2025\/03\/10-KomHier_UltimaThule_FortBom_03092022_BjoornComhaire-48-van-88-kopie-Copie-300x200.jpg 300w, https:\/\/puppetpoptroc.be\/wp-content\/uploads\/2025\/03\/10-KomHier_UltimaThule_FortBom_03092022_BjoornComhaire-48-van-88-kopie-Copie-768x512.jpg 768w, https:\/\/puppetpoptroc.be\/wp-content\/uploads\/2025\/03\/10-KomHier_UltimaThule_FortBom_03092022_BjoornComhaire-48-van-88-kopie-Copie-1536x1025.jpg 1536w, https:\/\/puppetpoptroc.be\/wp-content\/uploads\/2025\/03\/10-KomHier_UltimaThule_FortBom_03092022_BjoornComhaire-48-van-88-kopie-Copie-2048x1366.jpg 2048w, https:\/\/puppetpoptroc.be\/wp-content\/uploads\/2025\/03\/10-KomHier_UltimaThule_FortBom_03092022_BjoornComhaire-48-van-88-kopie-Copie-18x12.jpg 18w, https:\/\/puppetpoptroc.be\/wp-content\/uploads\/2025\/03\/10-KomHier_UltimaThule_FortBom_03092022_BjoornComhaire-48-van-88-kopie-Copie-700x467.jpg 700w\" sizes=\"auto, (max-width: 1024px) 100vw, 1024px\" \/><\/div><\/a><figcaption class=\"vc_figure-caption\">\u00a9 Joorn Comhaire<\/figcaption><\/figure>\n\t\t<\/div>\n\t<\/div>\n\n\t<div class=\"wpb_text_column wpb_content_element \">\n\t\t<div class=\"wpb_wrapper\">\n\t\t\t<p style=\"font-weight: 400;\"><strong>Kom Hier (Ultima Thul\u00e9)<\/strong><\/p>\n<p style=\"font-weight: 400;\">Un spectacle visuel et musical sur l\u2019amiti\u00e9, une ode \u00e0 l\u2019imaginaire et \u00e0 la fantaisie. Dr\u00f4le, tendre et tr\u00e8s po\u00e9tique ! En trois tentatives pour restituer une amiti\u00e9 pr\u00e9cieuse, nous suivons un personnage \u00e0 travers des objets, des figures, la lumi\u00e8re, l\u2019ombre et le son \u00e0 travers des mondes imaginaires qui renvoient pourtant \u00e0 celui dans lequel nous vivons tous aujourd\u2019hui.<\/p>\n<p><a href=\"https:\/\/ultima-thule.be\/fr\/producties\/kom-hier-6\" target=\"_blank\" rel=\"noopener\">www.ultima-thule.be\/kom hier<\/a><\/p>\n\n\t\t<\/div>\n\t<\/div><div class=\"vc_empty_space\"  style=\"height: 32px\" >\n\t<span class=\"vc_empty_space_inner\">\n\t\t<span class=\"empty_space_image\"  ><\/span>\n\t<\/span>\n<\/div><\/div><\/div><\/div><\/div><\/div>\n<\/div>","protected":false},"excerpt":{"rendered":"du 12 &gt; 15 d\u00e9cembre 2024 \u00e0 Genappe www.maboule.be Le Festival MAboule est l\u2019un des rendez-vous importants\u00a0 d\u00e9di\u00e9s \u00e0 l\u2019art de la marionnette contemporaine en F\u00e9d\u00e9ration Wallonie-Bruxelles. Il a f\u00eat\u00e9 ses 10 ans en 2024\u00a0! Un rendez-vous lors duquel la marionnette contemporaine, le th\u00e9\u00e2tre d\u2019objets,...","protected":false},"author":2,"featured_media":62,"menu_order":0,"comment_status":"open","ping_status":"closed","template":"","portfolio_category":[],"portfolio_tag":[],"class_list":["post-61","portfolio_page","type-portfolio_page","status-publish","has-post-thumbnail","hentry"],"_links":{"self":[{"href":"https:\/\/puppetpoptroc.be\/fr\/wp-json\/wp\/v2\/portfolio_page\/61","targetHints":{"allow":["GET"]}}],"collection":[{"href":"https:\/\/puppetpoptroc.be\/fr\/wp-json\/wp\/v2\/portfolio_page"}],"about":[{"href":"https:\/\/puppetpoptroc.be\/fr\/wp-json\/wp\/v2\/types\/portfolio_page"}],"author":[{"embeddable":true,"href":"https:\/\/puppetpoptroc.be\/fr\/wp-json\/wp\/v2\/users\/2"}],"replies":[{"embeddable":true,"href":"https:\/\/puppetpoptroc.be\/fr\/wp-json\/wp\/v2\/comments?post=61"}],"wp:featuredmedia":[{"embeddable":true,"href":"https:\/\/puppetpoptroc.be\/fr\/wp-json\/wp\/v2\/media\/62"}],"wp:attachment":[{"href":"https:\/\/puppetpoptroc.be\/fr\/wp-json\/wp\/v2\/media?parent=61"}],"wp:term":[{"taxonomy":"portfolio_category","embeddable":true,"href":"https:\/\/puppetpoptroc.be\/fr\/wp-json\/wp\/v2\/portfolio_category?post=61"},{"taxonomy":"portfolio_tag","embeddable":true,"href":"https:\/\/puppetpoptroc.be\/fr\/wp-json\/wp\/v2\/portfolio_tag?post=61"}],"curies":[{"name":"wp","href":"https:\/\/api.w.org\/{rel}","templated":true}]}}