{"id":68,"date":"2025-03-05T17:59:23","date_gmt":"2025-03-05T16:59:23","guid":{"rendered":"https:\/\/puppetpoptroc.be\/?post_type=portfolio_page&#038;p=68"},"modified":"2025-04-02T11:03:45","modified_gmt":"2025-04-02T09:03:45","slug":"boze-wolf-festival-a-aarschot","status":"publish","type":"portfolio_page","link":"https:\/\/puppetpoptroc.be\/nl\/portfolio_page\/boze-wolf-festival-a-aarschot\/","title":{"rendered":"Boze Wolffestival in Aarschot"},"content":{"rendered":"<div class=\"wpb-content-wrapper\"><div      class=\"vc_row wpb_row section vc_row-fluid \" style=' text-align:left;'><div class=\" full_section_inner clearfix\"><div class=\"wpb_column vc_column_container vc_col-sm-12\"><div class=\"vc_column-inner\"><div class=\"wpb_wrapper\">\n\t<div class=\"wpb_single_image wpb_content_element vc_align_center\">\n\t\t<div class=\"wpb_wrapper\">\n\t\t\t\n\t\t\t<div class=\"vc_single_image-wrapper   vc_box_border_grey\"><img loading=\"lazy\" decoding=\"async\" width=\"1024\" height=\"288\" src=\"https:\/\/puppetpoptroc.be\/wp-content\/uploads\/2025\/03\/Photo-9-logo-boze-wolf-banner-1024x288.jpg\" class=\"vc_single_image-img attachment-large\" alt=\"\" title=\"Photo 9 logo boze wolf banner\" srcset=\"https:\/\/puppetpoptroc.be\/wp-content\/uploads\/2025\/03\/Photo-9-logo-boze-wolf-banner-1024x288.jpg 1024w, https:\/\/puppetpoptroc.be\/wp-content\/uploads\/2025\/03\/Photo-9-logo-boze-wolf-banner-300x84.jpg 300w, https:\/\/puppetpoptroc.be\/wp-content\/uploads\/2025\/03\/Photo-9-logo-boze-wolf-banner-768x216.jpg 768w, https:\/\/puppetpoptroc.be\/wp-content\/uploads\/2025\/03\/Photo-9-logo-boze-wolf-banner-18x5.jpg 18w, https:\/\/puppetpoptroc.be\/wp-content\/uploads\/2025\/03\/Photo-9-logo-boze-wolf-banner-700x197.jpg 700w, https:\/\/puppetpoptroc.be\/wp-content\/uploads\/2025\/03\/Photo-9-logo-boze-wolf-banner.jpg 1280w\" sizes=\"auto, (max-width: 1024px) 100vw, 1024px\" \/><\/div>\n\t\t<\/div>\n\t<\/div>\n<div class=\"vc_empty_space\"  style=\"height: 32px\" >\n\t<span class=\"vc_empty_space_inner\">\n\t\t<span class=\"empty_space_image\"  ><\/span>\n\t<\/span>\n<\/div>\n\t<div class=\"wpb_text_column wpb_content_element \">\n\t\t<div class=\"wpb_wrapper\">\n\t\t\t<h2 style=\"font-weight: 400;\"><strong>Du 8 avril au 4 mai 2025 \u2013 BOZE WOLF FESTIVAL \u00e0 Aarschot<\/strong><\/h2>\n\n\t\t<\/div>\n\t<\/div>\n\t<div class=\"wpb_text_column wpb_content_element \">\n\t\t<div class=\"wpb_wrapper\">\n\t\t\t<p><a href=\"https:\/\/www.bozewolffestival.be\" target=\"_blank\" rel=\"noopener\">www.bozewolffestival.be<\/a><\/p>\n\n\t\t<\/div>\n\t<\/div>\n\t<div class=\"wpb_text_column wpb_content_element \">\n\t\t<div class=\"wpb_wrapper\">\n\t\t\t<p>Focus sur 5 spectacles de la communaut\u00e9 fran\u00e7aise : \u00ab Piccoli Sentimenti \u00bb, \u00ab La Cl\u00e9 du 7\u00e8me \u00bb, \u00ab Et\u00e9 69 \u00bb et le \u00ab DJ Set Antoine et Gaby \u00bb du TOF Th\u00e9\u00e2tre , \u00ab Viens On s\u2019Tire \u00bb de Cie Corneille Bleue<\/p>\n<p>Le 26 et 27 avril 2025 : Le BOZE WOLF Festival accueille les programmateur-ice-s de FWB et les artistes passionn\u00e9s par la marionnette pour un parcours de 4 \u00e0 5 spectacles flamands \u00e0 d\u00e9couvrir !<\/p>\n\n\t\t<\/div>\n\t<\/div><div class=\"vc_empty_space\"  style=\"height: 32px\" >\n\t<span class=\"vc_empty_space_inner\">\n\t\t<span class=\"empty_space_image\"  ><\/span>\n\t<\/span>\n<\/div>\n\t<div class=\"wpb_text_column wpb_content_element \">\n\t\t<div class=\"wpb_wrapper\">\n\t\t\t<h4 style=\"font-weight: 400;\"><strong>Spectacles de la F\u00e9d\u00e9ration Wallonie-Bruxelles programm\u00e9s au Boze Wolf<\/strong><\/h4>\n\n\t\t<\/div>\n\t<\/div><div class=\"vc_empty_space\"  style=\"height: 32px\" >\n\t<span class=\"vc_empty_space_inner\">\n\t\t<span class=\"empty_space_image\"  ><\/span>\n\t<\/span>\n<\/div>\n\t<div class=\"wpb_single_image wpb_content_element vc_align_center\">\n\t\t<div class=\"wpb_wrapper\">\n\t\t\t\n\t\t\t<a class=\"qode-prettyphoto qode-single-image-pretty-photo\" data-rel=\"prettyPhoto[rel-68-3307747302]\" href=\"https:\/\/puppetpoptroc.be\/wp-content\/uploads\/2025\/03\/piccoli-sentimenti.jpg\" target=\"_self\"><div class=\"vc_single_image-wrapper   vc_box_border_grey\"><img loading=\"lazy\" decoding=\"async\" width=\"1000\" height=\"293\" src=\"https:\/\/puppetpoptroc.be\/wp-content\/uploads\/2025\/03\/piccoli-sentimenti.jpg\" class=\"vc_single_image-img attachment-large\" alt=\"\" title=\"piccoli sentimenti\" srcset=\"https:\/\/puppetpoptroc.be\/wp-content\/uploads\/2025\/03\/piccoli-sentimenti.jpg 1000w, https:\/\/puppetpoptroc.be\/wp-content\/uploads\/2025\/03\/piccoli-sentimenti-300x88.jpg 300w, https:\/\/puppetpoptroc.be\/wp-content\/uploads\/2025\/03\/piccoli-sentimenti-768x225.jpg 768w, https:\/\/puppetpoptroc.be\/wp-content\/uploads\/2025\/03\/piccoli-sentimenti-18x5.jpg 18w, https:\/\/puppetpoptroc.be\/wp-content\/uploads\/2025\/03\/piccoli-sentimenti-700x205.jpg 700w\" sizes=\"auto, (max-width: 1000px) 100vw, 1000px\" \/><\/div><\/a>\n\t\t<\/div>\n\t<\/div>\n\n\t<div class=\"wpb_text_column wpb_content_element \">\n\t\t<div class=\"wpb_wrapper\">\n\t\t\t<p style=\"font-weight: 400;\"><strong>Piccoli Sentimenti \u2013 TOF THEATRE<\/strong><\/p>\n<p style=\"font-weight: 400;\">Un spectacle sans parole pour un public \u00e0 partir de 2 ans et demi \u00e0 partir de l\u2019univers d\u2019Antonio Catalano. Les spectateurs sont install\u00e9s au plus proche, au bord de la sc\u00e8ne, dans un cocon de voiles. Devant eux, un plateau, de la terre, une lune-miche de pain, un ciel de bambou&#8230; et de petites constructions de bois, faites de fragiles brindilles et de b\u00e2tons. Un souffle berce les feuilles. Il n \u2018y a rien d\u2019autre &#8211; comme aux premiers temps du monde. Et puis soudain&#8230; Soudain quelque chose s\u2019agite sous la terre : un \u00eatre, un \u00eatre ind\u00e9fini qui rampe. Quand son visage se r\u00e9v\u00e8le, alors tout commence vraiment : c\u2019est le d\u00e9but des \u00abPetits sentiments\u00bb, ceux qu\u2019\u00e9prouve, un \u00e0 un, l\u2019unique personnage de ce spectacle &#8211; une marionnette grande comme la main. Effroi, d\u00e9sir, solitude, joie, col\u00e8re, \u00e9merveillement &#8211; la gamme est explor\u00e9e sans un mot, tout comme le sont l\u2019ou\u00efe, la vue ou le toucher (puisque des sens aux sentiments, il n\u2019y a qu\u2019un pas !) Le monde loufoque, sensible et marionnettique du Tof Th\u00e9\u00e2tre, l\u2019art brut d\u2019Antonio Catalano et les sons inventifs du patamusicien Max Vandervorst s\u2019entrem\u00ealent avec bonheur pour nous concocter cet hymne \u00e0 l\u2019\u00e9merveillement et \u00e0 l\u2019\u00e9veil du sens artistique !<\/p>\n<p><a href=\"https:\/\/kurieuze.net\/spectacle\/piccoli-sentimenti\/\" target=\"_blank\" rel=\"noopener\">www.kurieuze.net &#8211; piccoli sentimenti<\/a><\/p>\n\n\t\t<\/div>\n\t<\/div><div class=\"vc_empty_space\"  style=\"height: 32px\" >\n\t<span class=\"vc_empty_space_inner\">\n\t\t<span class=\"empty_space_image\"  ><\/span>\n\t<\/span>\n<\/div>\n\t<div class=\"wpb_single_image wpb_content_element vc_align_center\">\n\t\t<div class=\"wpb_wrapper\">\n\t\t\t\n\t\t\t\n\t\t<figure class=\"vc_figure\">\n\t\t\t<a class=\"qode-prettyphoto qode-single-image-pretty-photo\" data-rel=\"prettyPhoto[rel-68-955001092]\" href=\"https:\/\/puppetpoptroc.be\/wp-content\/uploads\/2025\/03\/ETE69Alice_Piemme12-1024x683.jpg\" target=\"_self\"><div class=\"vc_single_image-wrapper   vc_box_border_grey\"><img loading=\"lazy\" decoding=\"async\" width=\"1024\" height=\"683\" src=\"https:\/\/puppetpoptroc.be\/wp-content\/uploads\/2025\/03\/ETE69Alice_Piemme12-1024x683.jpg\" class=\"vc_single_image-img attachment-large\" alt=\"\" title=\"ETE69Alice_Piemme12\" srcset=\"https:\/\/puppetpoptroc.be\/wp-content\/uploads\/2025\/03\/ETE69Alice_Piemme12-1024x683.jpg 1024w, https:\/\/puppetpoptroc.be\/wp-content\/uploads\/2025\/03\/ETE69Alice_Piemme12-300x200.jpg 300w, https:\/\/puppetpoptroc.be\/wp-content\/uploads\/2025\/03\/ETE69Alice_Piemme12-768x512.jpg 768w, https:\/\/puppetpoptroc.be\/wp-content\/uploads\/2025\/03\/ETE69Alice_Piemme12-1536x1024.jpg 1536w, https:\/\/puppetpoptroc.be\/wp-content\/uploads\/2025\/03\/ETE69Alice_Piemme12-2048x1366.jpg 2048w, https:\/\/puppetpoptroc.be\/wp-content\/uploads\/2025\/03\/ETE69Alice_Piemme12-18x12.jpg 18w, https:\/\/puppetpoptroc.be\/wp-content\/uploads\/2025\/03\/ETE69Alice_Piemme12-700x467.jpg 700w\" sizes=\"auto, (max-width: 1024px) 100vw, 1024px\" \/><\/div><\/a><figcaption class=\"vc_figure-caption\">\u00a9Alice Piemme<\/figcaption><\/figure>\n\t\t<\/div>\n\t<\/div>\n\n\t<div class=\"wpb_text_column wpb_content_element \">\n\t\t<div class=\"wpb_wrapper\">\n\t\t\t<p style=\"font-weight: 400;\"><strong>Et\u00e9 69 \u2013 TOF THEATRE<\/strong><\/p>\n<p style=\"font-weight: 400;\"><em><strong>Marionnettes pour adultes<\/strong><\/em><\/p>\n<p style=\"font-weight: 400;\">Panier d\u2019osier et nappe \u00e0 carreaux, prairies et buissons\u2026 ardents !<br \/>\n\u00c0 la recherche d\u2019un coin d\u2019ombre, un couple se d\u00e9robe, loin des regards.<br \/>\nPique-nique torride. Jean joue avec ses souvenirs, ils lui sortent de la t\u00eate et des mains.<br \/>\nIls entrent dans nos yeux, nos oreilles\u2026 et allument d\u2019intimes soleils.<\/p>\n<p><a href=\"https:\/\/kurieuze.net\/spectacle\/ete-69\/\" target=\"_blank\" rel=\"noopener\">www.kurieuze.net &#8211; \u00e9t\u00e9 69<\/a><\/p>\n\n\t\t<\/div>\n\t<\/div><div class=\"vc_empty_space\"  style=\"height: 32px\" >\n\t<span class=\"vc_empty_space_inner\">\n\t\t<span class=\"empty_space_image\"  ><\/span>\n\t<\/span>\n<\/div>\n\t<div class=\"wpb_single_image wpb_content_element vc_align_center\">\n\t\t<div class=\"wpb_wrapper\">\n\t\t\t\n\t\t\t\n\t\t<figure class=\"vc_figure\">\n\t\t\t<a class=\"qode-prettyphoto qode-single-image-pretty-photo\" data-rel=\"prettyPhoto[rel-68-686267034]\" href=\"https:\/\/puppetpoptroc.be\/wp-content\/uploads\/2025\/03\/la-cle-du-7-emephoto-Justine_Cochu-1024x683.png\" target=\"_self\"><div class=\"vc_single_image-wrapper   vc_box_border_grey\"><img loading=\"lazy\" decoding=\"async\" width=\"1024\" height=\"683\" src=\"https:\/\/puppetpoptroc.be\/wp-content\/uploads\/2025\/03\/la-cle-du-7-emephoto-Justine_Cochu-1024x683.png\" class=\"vc_single_image-img attachment-large\" alt=\"\" title=\"la cl\u00e9 du 7 \u00e8mephoto-Justine_Cochu\" srcset=\"https:\/\/puppetpoptroc.be\/wp-content\/uploads\/2025\/03\/la-cle-du-7-emephoto-Justine_Cochu-1024x683.png 1024w, https:\/\/puppetpoptroc.be\/wp-content\/uploads\/2025\/03\/la-cle-du-7-emephoto-Justine_Cochu-300x200.png 300w, https:\/\/puppetpoptroc.be\/wp-content\/uploads\/2025\/03\/la-cle-du-7-emephoto-Justine_Cochu-768x512.png 768w, https:\/\/puppetpoptroc.be\/wp-content\/uploads\/2025\/03\/la-cle-du-7-emephoto-Justine_Cochu-1536x1024.png 1536w, https:\/\/puppetpoptroc.be\/wp-content\/uploads\/2025\/03\/la-cle-du-7-emephoto-Justine_Cochu-18x12.png 18w, https:\/\/puppetpoptroc.be\/wp-content\/uploads\/2025\/03\/la-cle-du-7-emephoto-Justine_Cochu-700x467.png 700w, https:\/\/puppetpoptroc.be\/wp-content\/uploads\/2025\/03\/la-cle-du-7-emephoto-Justine_Cochu.png 1600w\" sizes=\"auto, (max-width: 1024px) 100vw, 1024px\" \/><\/div><\/a><figcaption class=\"vc_figure-caption\">\u00a9Justine Cochu<\/figcaption><\/figure>\n\t\t<\/div>\n\t<\/div>\n\n\t<div class=\"wpb_text_column wpb_content_element \">\n\t\t<div class=\"wpb_wrapper\">\n\t\t\t<div><b>La Cl\u00e9 du 7\u00e8me \u2013 TOF THEATRE<\/b><\/div>\n<p style=\"font-weight: 400;\"><em><strong>Spectacle\/installation\/performance pour adultes<\/strong><\/em><\/p>\n<p style=\"font-weight: 400;\">La Cl\u00e9 du 7 \u00e8me donne acc\u00e8s \u00e0 quelques instants choisis de la vie d\u2019une marionnette. Dans son atelier, Jean fait d\u00e9couvrir quelques-unes de ses cr\u00e9ations et des sc\u00e9nettes intimes expos\u00e9es comme autant de secrets \u00e9rotiques partag\u00e9s par le trou d\u2019une serrure. Dans cette installation-performance en forme de cabinet de curiosit\u00e9s, les visiteurs sont invit\u00e9s \u00e0 un voyage fait de peinture, de sculpture en direct, de tableaux en trois dimensions, d\u2019objets et de sentiments dans une d\u00e9licieuse mise en ab\u00eeme entre une marionnette et son cr\u00e9ateur. Lors de chaque ouverture, Alain Moreau pr\u00e9sentera une courte forme d\u2019une quinzaine de minutes qui fera passer l\u2019une de ces miniatures de la troisi\u00e8me \u00e0 la quatri\u00e8me dimension. Occasions uniques de voir s\u2019animer quelques r\u00eaveries d\u2019artiste.<\/p>\n<p><a href=\"https:\/\/kurieuze.net\/spectacle\/memoire-dun-trou-de-serrure\/\" target=\"_blank\" rel=\"noopener\">www.kurieuze.net &#8211; m\u00e9moire d&rsquo;un trou de serrure<\/a><\/p>\n\n\t\t<\/div>\n\t<\/div><div class=\"vc_empty_space\"  style=\"height: 32px\" >\n\t<span class=\"vc_empty_space_inner\">\n\t\t<span class=\"empty_space_image\"  ><\/span>\n\t<\/span>\n<\/div>\n\t<div class=\"wpb_single_image wpb_content_element vc_align_center\">\n\t\t<div class=\"wpb_wrapper\">\n\t\t\t\n\t\t\t\n\t\t<figure class=\"vc_figure\">\n\t\t\t<a class=\"qode-prettyphoto qode-single-image-pretty-photo\" data-rel=\"prettyPhoto[rel-68-982026749]\" href=\"https:\/\/puppetpoptroc.be\/wp-content\/uploads\/2025\/03\/DJ-SET-MOBILE-Duns_Finet-1024x683.jpg\" target=\"_self\"><div class=\"vc_single_image-wrapper   vc_box_border_grey\"><img loading=\"lazy\" decoding=\"async\" width=\"1024\" height=\"683\" src=\"https:\/\/puppetpoptroc.be\/wp-content\/uploads\/2025\/03\/DJ-SET-MOBILE-Duns_Finet-1024x683.jpg\" class=\"vc_single_image-img attachment-large\" alt=\"\" title=\"DJ SET MOBILE - Duns_Finet\" srcset=\"https:\/\/puppetpoptroc.be\/wp-content\/uploads\/2025\/03\/DJ-SET-MOBILE-Duns_Finet-1024x683.jpg 1024w, https:\/\/puppetpoptroc.be\/wp-content\/uploads\/2025\/03\/DJ-SET-MOBILE-Duns_Finet-300x200.jpg 300w, https:\/\/puppetpoptroc.be\/wp-content\/uploads\/2025\/03\/DJ-SET-MOBILE-Duns_Finet-768x512.jpg 768w, https:\/\/puppetpoptroc.be\/wp-content\/uploads\/2025\/03\/DJ-SET-MOBILE-Duns_Finet-1536x1024.jpg 1536w, https:\/\/puppetpoptroc.be\/wp-content\/uploads\/2025\/03\/DJ-SET-MOBILE-Duns_Finet-2048x1365.jpg 2048w, https:\/\/puppetpoptroc.be\/wp-content\/uploads\/2025\/03\/DJ-SET-MOBILE-Duns_Finet-18x12.jpg 18w, https:\/\/puppetpoptroc.be\/wp-content\/uploads\/2025\/03\/DJ-SET-MOBILE-Duns_Finet-700x467.jpg 700w\" sizes=\"auto, (max-width: 1024px) 100vw, 1024px\" \/><\/div><\/a><figcaption class=\"vc_figure-caption\">\u00a9Duns Finet<\/figcaption><\/figure>\n\t\t<\/div>\n\t<\/div>\n\n\t<div class=\"wpb_text_column wpb_content_element \">\n\t\t<div class=\"wpb_wrapper\">\n\t\t\t<p style=\"font-weight: 400;\"><b>DJ Set Antoine et Gaby \u2013 TOF THEATRE<\/b><\/p>\n<p style=\"font-weight: 400;\"><em><strong>Marionnettes et DJ SET \/ Tout public<\/strong><\/em><\/p>\n<p style=\"font-weight: 400;\">Ils sont deux. Ils sont vieux. Plut\u00f4t que de moisir dans leur maison de retraite, ils ont d\u00e9cid\u00e9 de prendre le large<br \/>\nEt de casser la baraque !<br \/>\nDeux platines, une caisse remplie de vinyles 45 tours de tous \u00e2ges<br \/>\nEt roulez jeunesse !<br \/>\nQu\u2019on ait 20 ans, 40 printemps ou 60 piges<br \/>\nIls trouvent le tube qui fait mouche<br \/>\nEt font danser l\u2019aimable compagnie jusqu\u2019au bout de la nuit<br \/>\nAntoine et Gaby, DJs for ever !<\/p>\n\n\t\t<\/div>\n\t<\/div><div class=\"vc_empty_space\"  style=\"height: 32px\" >\n\t<span class=\"vc_empty_space_inner\">\n\t\t<span class=\"empty_space_image\"  ><\/span>\n\t<\/span>\n<\/div>\n\t<div class=\"wpb_single_image wpb_content_element vc_align_center\">\n\t\t<div class=\"wpb_wrapper\">\n\t\t\t\n\t\t\t\n\t\t<figure class=\"vc_figure\">\n\t\t\t<a class=\"qode-prettyphoto qode-single-image-pretty-photo\" data-rel=\"prettyPhoto[rel-68-93166709]\" href=\"https:\/\/puppetpoptroc.be\/wp-content\/uploads\/2025\/03\/Viens_on_se_tire_15_Dorien_Riviere-1024x640.png\" target=\"_self\"><div class=\"vc_single_image-wrapper   vc_box_border_grey\"><img loading=\"lazy\" decoding=\"async\" width=\"1024\" height=\"640\" src=\"https:\/\/puppetpoptroc.be\/wp-content\/uploads\/2025\/03\/Viens_on_se_tire_15_Dorien_Riviere-1024x640.png\" class=\"vc_single_image-img attachment-large\" alt=\"\" title=\"Viens_on_se_tire_15_Dorien_Riviere\" srcset=\"https:\/\/puppetpoptroc.be\/wp-content\/uploads\/2025\/03\/Viens_on_se_tire_15_Dorien_Riviere-1024x640.png 1024w, https:\/\/puppetpoptroc.be\/wp-content\/uploads\/2025\/03\/Viens_on_se_tire_15_Dorien_Riviere-300x188.png 300w, https:\/\/puppetpoptroc.be\/wp-content\/uploads\/2025\/03\/Viens_on_se_tire_15_Dorien_Riviere-768x480.png 768w, https:\/\/puppetpoptroc.be\/wp-content\/uploads\/2025\/03\/Viens_on_se_tire_15_Dorien_Riviere-1536x960.png 1536w, https:\/\/puppetpoptroc.be\/wp-content\/uploads\/2025\/03\/Viens_on_se_tire_15_Dorien_Riviere-2048x1280.png 2048w, https:\/\/puppetpoptroc.be\/wp-content\/uploads\/2025\/03\/Viens_on_se_tire_15_Dorien_Riviere-18x12.png 18w, https:\/\/puppetpoptroc.be\/wp-content\/uploads\/2025\/03\/Viens_on_se_tire_15_Dorien_Riviere-700x438.png 700w\" sizes=\"auto, (max-width: 1024px) 100vw, 1024px\" \/><\/div><\/a><figcaption class=\"vc_figure-caption\">\u00a9Dorien Riviere<\/figcaption><\/figure>\n\t\t<\/div>\n\t<\/div>\n\n\t<div class=\"wpb_text_column wpb_content_element \">\n\t\t<div class=\"wpb_wrapper\">\n\t\t\t<div><b>Viens On s\u2019tire \u2013 LA CORNEILLE BLEUE<\/b><\/div>\n<p style=\"font-weight: 400;\"><em><strong>Spectacle de marionnettes pour la rue \u2013 Tout public \u00e0 partir de 8 ans<\/strong><\/em><\/p>\n<p style=\"font-weight: 400;\">Un chapiteau. Du bruit venant de l\u2019ext\u00e9rieur. Et puis deux paum\u00e9es, visiblement en fuite, qui d\u00e9barquent pour trouver refuge sous la tente. Leur moyen de fuite : un v\u00e9lo triporteur sur lequel elles ont amass\u00e9 quelques valises.<br \/>\nElles rencontrent alors un \u00e9trange petit bonhomme qui vit dans une caisse froide et m\u00e9tallique et dont la vie semble se r\u00e9sumer au mouvement machinal des cachets qu\u2019il appose sur des liasses de documents. Ce personnage, nous l\u2019appellerons P\u2019tit Louis. Et sa vie ressemble \u00e9tonnamment \u00e0 celle que les deux paum\u00e9es tentent de fuir. Petit \u00e0 petit, elles montrent \u00e0 P\u2019tit Louis qu\u2019il est possible de sortir de ce cycle infernal. Ensemble, iels vont poser des actes de r\u00e9sistance face aux injonctions d\u2019une vie \u00e9triqu\u00e9e, coinc\u00e9e entre le travail et la t\u00e9l\u00e9vision.<br \/>\n\u00abViens, on se tire !\u00bb, c\u2019est une invitation \u00e0 redessiner le ciel d\u2019un bleu vif \u00e0 grands coups de pinceau farouche.<\/p>\n\n\t\t<\/div>\n\t<\/div><div class=\"vc_empty_space\"  style=\"height: 32px\" >\n\t<span class=\"vc_empty_space_inner\">\n\t\t<span class=\"empty_space_image\"  ><\/span>\n\t<\/span>\n<\/div><\/div><\/div><\/div><\/div><\/div>\n<\/div>","protected":false},"excerpt":{"rendered":"Du 8 avril au 4 mai 2025 \u2013 BOZE WOLF FESTIVAL \u00e0 Aarschot www.bozewolffestival.be Focus sur 5 spectacles de la communaut\u00e9 fran\u00e7aise : \u00ab Piccoli Sentimenti \u00bb, \u00ab La Cl\u00e9 du 7\u00e8me \u00bb, \u00ab Et\u00e9 69 \u00bb et le \u00ab DJ Set Antoine et Gaby...","protected":false},"author":2,"featured_media":89,"menu_order":0,"comment_status":"closed","ping_status":"closed","template":"","portfolio_category":[],"portfolio_tag":[],"class_list":["post-68","portfolio_page","type-portfolio_page","status-publish","has-post-thumbnail","hentry"],"_links":{"self":[{"href":"https:\/\/puppetpoptroc.be\/nl\/wp-json\/wp\/v2\/portfolio_page\/68","targetHints":{"allow":["GET"]}}],"collection":[{"href":"https:\/\/puppetpoptroc.be\/nl\/wp-json\/wp\/v2\/portfolio_page"}],"about":[{"href":"https:\/\/puppetpoptroc.be\/nl\/wp-json\/wp\/v2\/types\/portfolio_page"}],"author":[{"embeddable":true,"href":"https:\/\/puppetpoptroc.be\/nl\/wp-json\/wp\/v2\/users\/2"}],"replies":[{"embeddable":true,"href":"https:\/\/puppetpoptroc.be\/nl\/wp-json\/wp\/v2\/comments?post=68"}],"wp:featuredmedia":[{"embeddable":true,"href":"https:\/\/puppetpoptroc.be\/nl\/wp-json\/wp\/v2\/media\/89"}],"wp:attachment":[{"href":"https:\/\/puppetpoptroc.be\/nl\/wp-json\/wp\/v2\/media?parent=68"}],"wp:term":[{"taxonomy":"portfolio_category","embeddable":true,"href":"https:\/\/puppetpoptroc.be\/nl\/wp-json\/wp\/v2\/portfolio_category?post=68"},{"taxonomy":"portfolio_tag","embeddable":true,"href":"https:\/\/puppetpoptroc.be\/nl\/wp-json\/wp\/v2\/portfolio_tag?post=68"}],"curies":[{"name":"wp","href":"https:\/\/api.w.org\/{rel}","templated":true}]}}